{"id":75,"date":"2020-09-22T21:50:39","date_gmt":"2020-09-22T19:50:39","guid":{"rendered":"http:\/\/www.hausbrunn.at\/wp\/?page_id=75"},"modified":"2026-03-19T16:26:21","modified_gmt":"2026-03-19T15:26:21","slug":"gemeindevertretung","status":"publish","type":"page","link":"http:\/\/www.hausbrunn.at\/wpo\/gemeindevertretung\/","title":{"rendered":"Gemeindevertretung"},"content":{"rendered":"\r\n\r\n\r\n<p><strong>SP\u00d6 <\/strong><\/p>\r\n\r\n\r\n\r\n<figure class=\"wp-block-table is-style-stripes\">\r\n<table style=\"width: 93%; height: 438px;\">\r\n<tbody>\r\n<tr style=\"height: 53px;\">\r\n<td style=\"height: 53px; width: 29.2249%;\">Mario <strong>Gaider<\/strong><\/td>\r\n<td style=\"height: 53px; width: 73.0974%;\"><strong>B\u00fcrgermeister<\/strong><strong><br \/><\/strong>Mittelschulausschuss<br \/>Zivilschutzbeauftragter\u00a0<br \/>Katastrophenausschuss<strong><br \/><\/strong>Marchnebengerinne<br \/>M\u00fcllverband GAUM<br \/>Projektbeirat &#8211; EVN Lichtservice<br \/>Sicherheitsbeauftragter<br \/>Mobilit\u00e4tsbeauftragter<br \/>Bildungs- und Kulturausschuss<br \/>Tourismus<br \/>BHW<\/td>\r\n<\/tr>\r\n<tr style=\"height: 106px;\">\r\n<td style=\"height: 106px; width: 29.2249%;\">Georg <strong>Scharinger<\/strong><\/td>\r\n<td style=\"height: 106px; width: 73.0974%;\"><strong>Vizeb\u00fcrgermeister<\/strong><br \/>Zust\u00e4ndigkeitsbereich: Stra\u00dfen, Wege, <br \/>Zivilschutz<br \/>Umweltgemeinderat \u00a0\u00a0\u00a0\u00a0\u00a0\u00a0\u00a0\u00a0\u00a0\u00a0\u00a0\u00a0\u00a0\u00a0\u00a0\u00a0\u00a0\u00a0\u00a0\u00a0\u00a0\u00a0\u00a0\u00a0\u00a0\u00a0\u00a0 Katastrophenausschuss<br \/>Grundverkehrskommission<br \/>Projektbeirat &#8211; EVN Lichtservice<\/td>\r\n<\/tr>\r\n<tr style=\"height: 106px;\">\r\n<td style=\"height: 37px; width: 29.2249%;\">Mario<br \/><strong>Schubtschik<\/strong><\/td>\r\n<td style=\"height: 37px; width: 73.0974%;\">\r\n<p><strong>gesch\u00e4ftsf\u00fchrender Gemeinderat<\/strong><br \/>Zust\u00e4ndigkeitsbereich: Soziales, Jugend, <br \/>Sport, \u00f6ffentl. Sicherheit<br \/>Sonderschulgemeinde Poysdorf<br \/>M\u00fcllverband GAUM stv.<br \/>Klimab\u00fcndnis- Gemeindebeauftragter<\/p>\r\n<\/td>\r\n<\/tr>\r\n<tr style=\"height: 79px;\">\r\n<td style=\"height: 79px; width: 29.2249%;\">\r\n<p>Thomas<br \/><strong>Heck<\/strong><\/p>\r\n<\/td>\r\n<td style=\"height: 79px; width: 73.0974%;\"><strong>gesch\u00e4ftsf\u00fchrender Gemeinderat<br \/><\/strong>Zust\u00e4ndigkeitsbereich: Wasser, Kanal<br \/>Marchnebengerinne stv.<br \/>Bildungs- und Kulturausschuss<\/td>\r\n<\/tr>\r\n<tr style=\"height: 77px;\">\r\n<td style=\"height: 56px; width: 29.2249%;\">Susanne <strong>Eismann<br \/><\/strong><\/td>\r\n<td style=\"height: 56px; width: 73.0974%;\">\r\n<p><strong>Gemeinderat<\/strong><br \/>Pr\u00fcfungsausschuss<\/p>\r\n<\/td>\r\n<\/tr>\r\n<tr style=\"height: 103px;\">\r\n<td style=\"height: 10px; width: 29.2249%;\">\r\n<p>Doris <strong>Wagner<\/strong><\/p>\r\n<\/td>\r\n<td style=\"height: 10px; width: 73.0974%;\">\r\n<p><strong>Gemeinder\u00e4tin\u00a0\u00a0\u00a0\u00a0\u00a0\u00a0\u00a0\u00a0\u00a0\u00a0\u00a0\u00a0\u00a0\u00a0\u00a0\u00a0\u00a0\u00a0\u00a0\u00a0\u00a0\u00a0\u00a0\u00a0\u00a0\u00a0\u00a0\u00a0\u00a0\u00a0\u00a0\u00a0\u00a0\u00a0\u00a0\u00a0\u00a0\u00a0\u00a0\u00a0\u00a0\u00a0\u00a0<\/strong><\/p>\r\n<\/td>\r\n<\/tr>\r\n<tr style=\"height: 53px;\">\r\n<td style=\"height: 53px; width: 29.2249%;\">Michael<br \/><strong>H\u00f6ss<\/strong><\/td>\r\n<td style=\"height: 53px; width: 73.0974%;\"><strong>Gemeinderat <\/strong>(wird erst angelobt)<\/td>\r\n<\/tr>\r\n<tr style=\"height: 79px;\">\r\n<td style=\"height: 44px; width: 29.2249%;\">Kathrin<br \/><strong>Eismann<\/strong><\/td>\r\n<td style=\"height: 44px; width: 73.0974%;\"><strong>Gemeinder\u00e4tin\u00a0\u00a0<br \/><\/strong>Jugendgemeinderat<\/td>\r\n<\/tr>\r\n<tr style=\"height: 79px;\">\r\n<td style=\"height: 44px; width: 29.2249%;\">Renate<br \/><strong>Gall-Hubacek<\/strong><\/td>\r\n<td style=\"height: 44px; width: 73.0974%;\"><strong>Gemeinder\u00e4tin<br \/><\/strong>Mittelschulausschuss<\/td>\r\n<\/tr>\r\n<\/tbody>\r\n<tbody>\r\n<tr style=\"height: 79px;\">\r\n<td style=\"height: 44px; width: 29.2249%;\">Sandra<br \/><strong>W\u00f6lfel<\/strong><\/td>\r\n<td style=\"height: 44px; width: 73.0974%;\"><strong>Gemeinder\u00e4tin\u00a0 <br \/><\/strong>Pr\u00fcfungsausschuss<br \/>Bildungs- und Kulturausschuss<\/td>\r\n<\/tr>\r\n<\/tbody>\r\n<\/table>\r\n<\/figure>\r\n<p><strong>\u00d6VP<\/strong><\/p>\r\n\r\n\r\n\r\n<figure class=\"wp-block-table is-style-stripes\">\r\n<table style=\"width: 93.2%; height: 651px;\">\r\n<tbody>\r\n<tr style=\"height: 159px;\">\r\n<td style=\"width: 29.4332%; height: 159px;\">Daniel <strong>Schweinberger<\/strong><\/td>\r\n<td style=\"width: 69.7366%; height: 159px;\"><strong>gesch\u00e4ftsf\u00fchrender Gemeinderat<\/strong><br \/>Zust\u00e4ndigkeitsbereich: Bildung, Kirche, Kultur, Friedhof, Feuerwehr<br \/>Verkehrsbeauftragter<br \/>Katastrophenausschuss<\/td>\r\n<\/tr>\r\n<tr style=\"height: 132px;\">\r\n<td style=\"width: 29.4332%; height: 132px;\">Mag. Katharina <strong>Sator<\/strong><\/td>\r\n<td style=\"width: 69.7366%; height: 132px;\"><strong>Gemeinder\u00e4tin<\/strong><br \/>Zust\u00e4ndigkeitsbereich: Mittelschulausschuss<br \/>Bildungsgemeinder\u00e4tin<\/td>\r\n<\/tr>\r\n<tr style=\"height: 17px;\">\r\n<td style=\"width: 29.4332%; height: 17px;\">Theresia <strong>Hlawaty<\/strong><\/td>\r\n<td style=\"width: 69.7366%; height: 17px;\">\r\n<p><strong>Gemeinder\u00e4tin<\/strong><br \/>Bildungs- und Kulturausschuss<br \/>Sonderschulgemeinde Poysdorf stv.<\/p>\r\n<\/td>\r\n<\/tr>\r\n<tr style=\"height: 106px;\">\r\n<td style=\"width: 29.4332%; height: 106px;\">Ing. Hannes <strong>Kantner<\/strong><\/td>\r\n<td style=\"width: 69.7366%; height: 106px;\"><strong>Gemeinderat<\/strong><br \/>Pr\u00fcfungsausschuss<br \/>Projektbeirat &#8211; EVN Lichtservice<\/td>\r\n<\/tr>\r\n<\/tbody>\r\n<\/table>\r\n<\/figure>\r\n\r\n\r\n\r\n<p><strong>FP\u00d6<\/strong><\/p>\r\n\r\n<figure class=\"wp-block-table is-style-stripes\">\r\n<table style=\"width: 93.6%; height: 70px;\">\r\n<tbody>\r\n<tr style=\"height: 53px;\">\r\n<td style=\"height: 53px; width: 30.2519%;\">Martin <strong>Wolf<\/strong><\/td>\r\n<td style=\"height: 53px; width: 72.0704%;\"><strong>Gemeinderat<br \/><\/strong>Bildungs- und Kulturausschuss<\/td>\r\n<\/tr>\r\n<\/tbody>\r\n<\/table>\r\n<\/figure>\r\n<p><strong>Amtsverschwiegenheit<\/strong><\/p>\r\n\r\n\r\n\r\n<p>Die Amtsverschwiegenheit erstreckt sich auf alle den Mitgliedern ausschlie\u00dflich aus ihrer amtlichen T\u00e4tigkeit bekanntgewordenen Tatsachen, deren Geheimhaltung im Interesse der Aufrechterhaltung der \u00f6ffentlichen Ruhe, Ordnung und Sicherheit, der umfassenden Landesverteidigung, der ausw\u00e4rtigen Beziehungen, im wirtschaftlichen Interesse einer K\u00f6rperschaft des \u00f6ffentlichen Rechtes, zur Vorbereitung einer Entscheidung oder im \u00fcberwiegenden Interesse der Parteien geboten ist.<\/p>\r\n\r\n\r\n\r\n<p>Amtsverschwiegenheit besteht insbesondere bei abgabenrechtlichen Angelegenheiten &#8211; Steuergeheimnis !<\/p>\r\n\r\n\r\n\r\n<p>Die Pflicht zur Amtsverschwiegenheit dauert nach Beendigung der Mitgliedschaft zum Gemeinderat fort. Von der Pflicht zur Amtsverschwiegenheit k\u00f6nnen die Mitglieder des Gemeinderates nur vom Gemeinderat entbunden werden.<\/p>\r\n","protected":false},"excerpt":{"rendered":"<p>SP\u00d6 Mario Gaider B\u00fcrgermeisterMittelschulausschussZivilschutzbeauftragter\u00a0KatastrophenausschussMarchnebengerinneM\u00fcllverband GAUMProjektbeirat &#8211; EVN LichtserviceSicherheitsbeauftragterMobilit\u00e4tsbeauftragterBildungs- und KulturausschussTourismusBHW Georg Scharinger Vizeb\u00fcrgermeisterZust\u00e4ndigkeitsbereich: Stra\u00dfen, Wege, ZivilschutzUmweltgemeinderat \u00a0\u00a0\u00a0\u00a0\u00a0\u00a0\u00a0\u00a0\u00a0\u00a0\u00a0\u00a0\u00a0\u00a0\u00a0\u00a0\u00a0\u00a0\u00a0\u00a0\u00a0\u00a0\u00a0\u00a0\u00a0\u00a0\u00a0 KatastrophenausschussGrundverkehrskommissionProjektbeirat &#8211; EVN Lichtservice MarioSchubtschik gesch\u00e4ftsf\u00fchrender GemeinderatZust\u00e4ndigkeitsbereich: Soziales, Jugend, Sport, \u00f6ffentl. SicherheitSonderschulgemeinde PoysdorfM\u00fcllverband GAUM stv.Klimab\u00fcndnis- Gemeindebeauftragter ThomasHeck gesch\u00e4ftsf\u00fchrender GemeinderatZust\u00e4ndigkeitsbereich: Wasser, KanalMarchnebengerinne stv.Bildungs- und Kulturausschuss Susanne Eismann GemeinderatPr\u00fcfungsausschuss Doris Wagner Gemeinder\u00e4tin\u00a0\u00a0\u00a0\u00a0\u00a0\u00a0\u00a0\u00a0\u00a0\u00a0\u00a0\u00a0\u00a0\u00a0\u00a0\u00a0\u00a0\u00a0\u00a0\u00a0\u00a0\u00a0\u00a0\u00a0\u00a0\u00a0\u00a0\u00a0\u00a0\u00a0\u00a0\u00a0\u00a0\u00a0\u00a0\u00a0\u00a0\u00a0\u00a0\u00a0\u00a0\u00a0\u00a0 MichaelH\u00f6ss Gemeinderat (wird erst angelobt) KathrinEismann Gemeinder\u00e4tin\u00a0\u00a0Jugendgemeinderat RenateGall-Hubacek &hellip; <\/p>\n<p class=\"link-more\"><a href=\"http:\/\/www.hausbrunn.at\/wpo\/gemeindevertretung\/\" class=\"more-link\"><span class=\"screen-reader-text\">\u201eGemeindevertretung\u201c<\/span> weiterlesen<\/a><\/p>\n","protected":false},"author":1,"featured_media":0,"parent":0,"menu_order":0,"comment_status":"closed","ping_status":"closed","template":"","meta":[],"_links":{"self":[{"href":"http:\/\/www.hausbrunn.at\/wpo\/wp-json\/wp\/v2\/pages\/75"}],"collection":[{"href":"http:\/\/www.hausbrunn.at\/wpo\/wp-json\/wp\/v2\/pages"}],"about":[{"href":"http:\/\/www.hausbrunn.at\/wpo\/wp-json\/wp\/v2\/types\/page"}],"author":[{"embeddable":true,"href":"http:\/\/www.hausbrunn.at\/wpo\/wp-json\/wp\/v2\/users\/1"}],"replies":[{"embeddable":true,"href":"http:\/\/www.hausbrunn.at\/wpo\/wp-json\/wp\/v2\/comments?post=75"}],"version-history":[{"count":90,"href":"http:\/\/www.hausbrunn.at\/wpo\/wp-json\/wp\/v2\/pages\/75\/revisions"}],"predecessor-version":[{"id":3292,"href":"http:\/\/www.hausbrunn.at\/wpo\/wp-json\/wp\/v2\/pages\/75\/revisions\/3292"}],"wp:attachment":[{"href":"http:\/\/www.hausbrunn.at\/wpo\/wp-json\/wp\/v2\/media?parent=75"}],"curies":[{"name":"wp","href":"https:\/\/api.w.org\/{rel}","templated":true}]}}